{"id":16780,"date":"2022-07-03T12:40:37","date_gmt":"2022-07-03T10:40:37","guid":{"rendered":"https:\/\/www.waldkindergarten-tarp.de\/wordpress\/?page_id=16780"},"modified":"2025-02-12T22:56:37","modified_gmt":"2025-02-12T21:56:37","slug":"startseite","status":"publish","type":"page","link":"https:\/\/www.waldkindergarten-tarp.de\/wordpress\/","title":{"rendered":"Startseite"},"content":{"rendered":"<p>[et_pb_section fb_built=&#8220;1&#8243; inner_shadow=&#8220;on&#8220; admin_label=&#8220;Hero Section&#8220; _builder_version=&#8220;4.14.7&#8243; background_enable_color=&#8220;off&#8220; background_color_gradient_start=&#8220;#1bb3eb&#8220; background_color_gradient_end=&#8220;#25efcb&#8220; background_color_gradient_direction=&#8220;72deg&#8220; background_image=&#8220;http:\/\/www.waldkindergarten-tarp.de\/wordpress\/wp-content\/uploads\/2022\/08\/kigatarp_header.jpg&#8220; custom_padding=&#8220;110px|0px|224px|0px||&#8220; bottom_divider_color=&#8220;#96bf0d&#8220; global_colors_info=&#8220;{}&#8220;][et_pb_row column_structure=&#8220;3_4,1_4&#8243; _builder_version=&#8220;4.14.7&#8243; custom_margin=&#8220;4px|148px||auto||&#8220; global_colors_info=&#8220;{}&#8220;][et_pb_column type=&#8220;3_4&#8243; _builder_version=&#8220;3.25&#8243; custom_padding=&#8220;60px|||&#8220; global_colors_info=&#8220;{}&#8220; custom_padding__hover=&#8220;|||&#8220;][et_pb_text _builder_version=&#8220;4.14.7&#8243; text_font=&#8220;||||||||&#8220; header_font=&#8220;Poppins||||||||&#8220; header_text_color=&#8220;#ffffff&#8220; header_font_size=&#8220;56px&#8220; header_line_height=&#8220;1.3em&#8220; background_color=&#8220;rgba(142,142,142,0.59)&#8220; custom_padding=&#8220;|||9px|false|false&#8220; animation_style=&#8220;fade&#8220; global_colors_info=&#8220;{}&#8220;]<\/p>\n<h1 style=\"text-align: left;\">Waldkindergarten Tarp e.V.<\/h1>\n<p>[\/et_pb_text][\/et_pb_column][et_pb_column type=&#8220;1_4&#8243; _builder_version=&#8220;3.25&#8243; custom_padding=&#8220;60px|||&#8220; global_colors_info=&#8220;{}&#8220; custom_padding__hover=&#8220;|||&#8220;][\/et_pb_column][\/et_pb_row][\/et_pb_section][et_pb_section fb_built=&#8220;1&#8243; admin_label=&#8220;About Us Section&#8220; _builder_version=&#8220;4.14.7&#8243; custom_padding=&#8220;80px|0px|30px|0px||&#8220; top_divider_color=&#8220;#96bf0d&#8220; global_colors_info=&#8220;{}&#8220;][et_pb_row column_structure=&#8220;1_2,1_2&#8243; admin_label=&#8220;Row&#8220; _builder_version=&#8220;3.25&#8243; custom_margin=&#8220;30px|auto||auto||&#8220; custom_padding=&#8220;|||&#8220; global_colors_info=&#8220;{}&#8220;][et_pb_column type=&#8220;1_2&#8243; _builder_version=&#8220;3.25&#8243; custom_padding=&#8220;|||&#8220; global_colors_info=&#8220;{}&#8220; custom_padding__hover=&#8220;|||&#8220;][et_pb_text _builder_version=&#8220;4.14.7&#8243; text_font=&#8220;||||||||&#8220; header_font=&#8220;||||||||&#8220; header_2_font=&#8220;Poppins|500||on|||||&#8220; header_2_text_color=&#8220;#55ab26&#8243; header_2_font_size=&#8220;18px&#8220; header_2_letter_spacing=&#8220;1px&#8220; header_2_line_height=&#8220;1.3em&#8220; custom_margin=&#8220;||20px|&#8220; saved_tabs=&#8220;all&#8220; locked=&#8220;off&#8220; global_colors_info=&#8220;{}&#8220;]<\/p>\n<h2>\u00dcber uns<\/h2>\n<p>[\/et_pb_text][et_pb_text _builder_version=&#8220;4.14.7&#8243; text_font=&#8220;||||||||&#8220; header_font=&#8220;||||||||&#8220; header_3_font=&#8220;Poppins|600|||||||&#8220; header_3_text_color=&#8220;#01632f&#8220; header_3_font_size=&#8220;36px&#8220; header_3_line_height=&#8220;1.4em&#8220; global_colors_info=&#8220;{}&#8220;]<\/p>\n<h3>Waldkindergarten Tarp e.V.<\/h3>\n<p>[\/et_pb_text][et_pb_text _builder_version=&#8220;4.14.7&#8243; text_font=&#8220;Open Sans||||||||&#8220; text_text_color=&#8220;#486066&#8243; text_line_height=&#8220;1.8em&#8220; header_font=&#8220;||||||||&#8220; global_colors_info=&#8220;{}&#8220;]<\/p>\n<p>Der Waldkindergarten wird auch als &#8222;Kindergarten ohne Dach und W\u00e4nde&#8220; bezeichnet. Die Kinder spielen, lernen, basteln, toben, singen, forschen, diskutieren und reflektieren bei jedem Wetter in der freien Natur, im Wald und auf den Wiesen. Einschr\u00e4nkungen gibt es nur bei Witterungsbedingungen, die einen sicheren Aufenthalt im Freien gef\u00e4hrlich machen. Dann w\u00fcrden wir uns in unserem gem\u00fctlichen Bauwagen oder in unserer Notunterkunft in der Familienbildungsst\u00e4tte in Tarp treffen.<\/p>\n<p>[\/et_pb_text][et_pb_text _builder_version=&#8220;4.14.7&#8243; text_font=&#8220;Open Sans||||||||&#8220; text_text_color=&#8220;#486066&#8243; text_line_height=&#8220;1.8em&#8220; header_font=&#8220;||||||||&#8220; global_colors_info=&#8220;{}&#8220;]<\/p>\n<p>Ein allgemeiner Leitsatz lautet: &#8222;Die Pers\u00f6nlichkeit des Menschen erh\u00e4lt ihr Fundament in der Kindheit&#8220;. Der Waldkindergarten erm\u00f6glicht den Kindern Erfahrungen zu sammeln, die sie bis ins Erwachsenenalter hinein pr\u00e4gen und sie verantwortungsvoll mit der Natur und ihren Ressourcen umgehen lassen.<\/p>\n<p>[\/et_pb_text][et_pb_button button_url=&#8220;http:\/\/www.waldkindergarten-tarp.de\/wordpress\/wp-content\/uploads\/2022\/08\/Konzept-Waldkindergarten-10_2021.pdf&#8220; url_new_window=&#8220;on&#8220; button_text=&#8220;Unser Konzept&#8220; button_alignment=&#8220;center&#8220; _builder_version=&#8220;4.14.7&#8243; custom_button=&#8220;on&#8220; button_text_size=&#8220;16px&#8220; button_text_color=&#8220;#e3166f&#8220; button_border_width=&#8220;2px&#8220; button_border_color=&#8220;#e3166f&#8220; button_border_radius=&#8220;100px&#8220; button_font=&#8220;Poppins|600||on|||||&#8220; button_use_icon=&#8220;off&#8220; background_layout=&#8220;dark&#8220; custom_margin=&#8220;|||&#8220; custom_padding=&#8220;12px|36px|12px|36px&#8220; button_letter_spacing_hover=&#8220;0&#8243; global_colors_info=&#8220;{}&#8220; button_text_size__hover_enabled=&#8220;off&#8220; button_one_text_size__hover_enabled=&#8220;off&#8220; button_two_text_size__hover_enabled=&#8220;off&#8220; button_text_color__hover_enabled=&#8220;off&#8220; button_one_text_color__hover_enabled=&#8220;off&#8220; button_two_text_color__hover_enabled=&#8220;off&#8220; button_border_width__hover_enabled=&#8220;off&#8220; button_one_border_width__hover_enabled=&#8220;off&#8220; button_two_border_width__hover_enabled=&#8220;off&#8220; button_border_color__hover_enabled=&#8220;off&#8220; button_one_border_color__hover_enabled=&#8220;off&#8220; button_two_border_color__hover_enabled=&#8220;off&#8220; button_border_radius__hover_enabled=&#8220;off&#8220; button_one_border_radius__hover_enabled=&#8220;off&#8220; button_two_border_radius__hover_enabled=&#8220;off&#8220; button_letter_spacing__hover_enabled=&#8220;on&#8220; button_letter_spacing__hover=&#8220;0&#8243; button_one_letter_spacing__hover_enabled=&#8220;off&#8220; button_two_letter_spacing__hover_enabled=&#8220;off&#8220; button_bg_color__hover_enabled=&#8220;off&#8220; button_one_bg_color__hover_enabled=&#8220;off&#8220; button_two_bg_color__hover_enabled=&#8220;off&#8220;][\/et_pb_button][\/et_pb_column][et_pb_column type=&#8220;1_2&#8243; _builder_version=&#8220;3.25&#8243; custom_padding=&#8220;|||&#8220; global_colors_info=&#8220;{}&#8220; custom_padding__hover=&#8220;|||&#8220;][et_pb_image src=&#8220;http:\/\/www.waldkindergarten-tarp.de\/wordpress\/wp-content\/uploads\/2022\/03\/wkgt_ev_logo-2-300&#215;237-1.png&#8220; title_text=&#8220;wkgt_ev_logo-2-300&#215;237&#8243; align=&#8220;center&#8220; align_tablet=&#8220;center&#8220; align_phone=&#8220;&#8220; align_last_edited=&#8220;on|desktop&#8220; _builder_version=&#8220;4.14.7&#8243; animation_style=&#8220;slide&#8220; animation_direction=&#8220;left&#8220; animation_intensity_slide=&#8220;8%&#8220; global_colors_info=&#8220;{}&#8220;][\/et_pb_image][et_pb_image src=&#8220;http:\/\/www.waldkindergarten-tarp.de\/wordpress\/wp-content\/uploads\/2017\/02\/IMG_0046.jpg&#8220; title_text=&#8220;IMG_0046&#8243; align_tablet=&#8220;center&#8220; align_phone=&#8220;&#8220; align_last_edited=&#8220;on|desktop&#8220; _builder_version=&#8220;4.14.7&#8243; width=&#8220;50%&#8220; module_alignment=&#8220;center&#8220; custom_margin=&#8220;36px|||||&#8220; animation_style=&#8220;fade&#8220; global_colors_info=&#8220;{}&#8220;][\/et_pb_image][\/et_pb_column][\/et_pb_row][\/et_pb_section][et_pb_section fb_built=&#8220;1&#8243; prev_background_color=&#8220;#ffffff&#8220; admin_label=&#8220;Our Classes Section&#8220; _builder_version=&#8220;4.14.7&#8243; background_color=&#8220;#fafbfc&#8220; custom_margin=&#8220;||-1px|||&#8220; custom_padding=&#8220;110px|0px|59px|0px||&#8220; top_divider_style=&#8220;wave&#8220; global_colors_info=&#8220;{}&#8220;][et_pb_row _builder_version=&#8220;3.25&#8243; global_colors_info=&#8220;{}&#8220;][et_pb_column type=&#8220;4_4&#8243; _builder_version=&#8220;3.25&#8243; custom_padding=&#8220;|||&#8220; global_colors_info=&#8220;{}&#8220; custom_padding__hover=&#8220;|||&#8220;][et_pb_text _builder_version=&#8220;4.14.7&#8243; text_font=&#8220;||||||||&#8220; header_font=&#8220;||||||||&#8220; header_2_font=&#8220;Poppins|500||on|||||&#8220; header_2_text_color=&#8220;#55ab26&#8243; header_2_font_size=&#8220;18px&#8220; header_2_letter_spacing=&#8220;1px&#8220; header_2_line_height=&#8220;1.3em&#8220; text_orientation=&#8220;center&#8220; custom_margin=&#8220;||20px|&#8220; saved_tabs=&#8220;all&#8220; locked=&#8220;off&#8220; global_colors_info=&#8220;{}&#8220;]<\/p>\n<h2>Naturnahe beziehungs- und bed\u00fcrfnisorientierte Kinderbetreuung<\/h2>\n<p>[\/et_pb_text][et_pb_text _builder_version=&#8220;4.14.7&#8243; text_font=&#8220;||||||||&#8220; header_font=&#8220;||||||||&#8220; header_text_align=&#8220;center&#8220; header_3_font=&#8220;Poppins|600|||||||&#8220; header_3_text_color=&#8220;#01632f&#8220; header_3_font_size=&#8220;36px&#8220; header_3_line_height=&#8220;1.4em&#8220; text_orientation=&#8220;center&#8220; global_colors_info=&#8220;{}&#8220;]<\/p>\n<h3>Ein Einblick in unsere Bildungsbereiche<\/h3>\n<p>[\/et_pb_text][\/et_pb_column][\/et_pb_row][et_pb_row column_structure=&#8220;1_3,1_3,1_3&#8243; use_custom_gutter=&#8220;on&#8220; gutter_width=&#8220;2&#8243; column_padding_mobile=&#8220;on&#8220; custom_padding_last_edited=&#8220;on|phone&#8220; admin_label=&#8220;Row&#8220; _builder_version=&#8220;3.25&#8243; background_size=&#8220;initial&#8220; background_position=&#8220;top_left&#8220; background_repeat=&#8220;repeat&#8220; custom_padding=&#8220;|||&#8220; custom_padding_tablet=&#8220;49px|||&#8220; custom_padding_phone=&#8220;19px|||&#8220; global_colors_info=&#8220;{}&#8220;][et_pb_column type=&#8220;1_3&#8243; _builder_version=&#8220;3.25&#8243; custom_padding=&#8220;|||&#8220; global_colors_info=&#8220;{}&#8220; custom_padding__hover=&#8220;|||&#8220;][et_pb_blurb title=&#8220;Mit allen Sinnen den Wald erleben&#8220; url=&#8220;https:\/\/www.waldkindergarten-tarp.de\/wordpress\/mit-allen-sinnen-den-wald-erleben&#8220; image=&#8220;http:\/\/www.waldkindergarten-tarp.de\/wordpress\/wp-content\/uploads\/2017\/02\/baum.png&#8220; admin_label=&#8220;Class&#8220; _builder_version=&#8220;4.14.7&#8243; header_font=&#8220;Poppins|600|||||||&#8220; header_text_align=&#8220;center&#8220; header_text_color=&#8220;#f29400&#8243; header_font_size=&#8220;18px&#8220; header_line_height=&#8220;1.3em&#8220; body_font=&#8220;Open Sans||||||||&#8220; body_text_align=&#8220;center&#8220; body_text_color=&#8220;#486066&#8243; body_line_height=&#8220;1.8em&#8220; background_color=&#8220;#ffffff&#8220; custom_margin=&#8220;||40px|||&#8220; custom_padding=&#8220;40px|30px|40px|30px&#8220; animation_style=&#8220;fade&#8220; animation=&#8220;off&#8220; link_option_url=&#8220;https:\/\/www.waldkindergarten-tarp.de\/wordpress\/mit-allen-sinnen-den-wald-erleben&#8220; border_radii=&#8220;on|6px|6px|6px|6px&#8220; box_shadow_style=&#8220;preset1&#8243; box_shadow_vertical=&#8220;10px&#8220; box_shadow_blur=&#8220;24px&#8220; box_shadow_spread=&#8220;6px&#8220; box_shadow_color=&#8220;rgba(0,0,0,0.06)&#8220; global_colors_info=&#8220;{}&#8220;]<\/p>\n<p>Kinder erleben den Wald mit allen Sinnen. Der Wald bietet zur jeder Jahreszeit Abenteuer, die nach Herzenslust entdeckt werden k\u00f6nnen. <a href=\"https:\/\/www.waldkindergarten-tarp.de\/wordpress\/mit-allen-sinnen-den-wald-erleben\" target=\"_blank\" rel=\"noopener\">Weiterlesen<\/a><\/p>\n<p>[\/et_pb_blurb][et_pb_blurb title=&#8220;Freies Spiel und Kreativit\u00e4t&#8220; image=&#8220;http:\/\/www.waldkindergarten-tarp.de\/wordpress\/wp-content\/uploads\/2017\/02\/freies_spielen.png&#8220; admin_label=&#8220;Class&#8220; _builder_version=&#8220;4.14.7&#8243; header_font=&#8220;Poppins|600|||||||&#8220; header_text_align=&#8220;center&#8220; header_text_color=&#8220;#01632f&#8220; header_font_size=&#8220;18px&#8220; header_line_height=&#8220;1.3em&#8220; body_font=&#8220;Open Sans||||||||&#8220; body_text_align=&#8220;center&#8220; body_text_color=&#8220;#486066&#8243; body_line_height=&#8220;1.8em&#8220; background_color=&#8220;#ffffff&#8220; custom_margin=&#8220;|||&#8220; custom_padding=&#8220;40px|30px|40px|30px&#8220; animation_style=&#8220;fade&#8220; animation_delay=&#8220;200ms&#8220; animation=&#8220;off&#8220; border_radii=&#8220;on|6px|6px|6px|6px&#8220; box_shadow_style=&#8220;preset1&#8243; box_shadow_vertical=&#8220;10px&#8220; box_shadow_blur=&#8220;24px&#8220; box_shadow_spread=&#8220;6px&#8220; box_shadow_color=&#8220;rgba(0,0,0,0.06)&#8220; global_colors_info=&#8220;{}&#8220;]<\/p>\n<p style=\"text-align: center;\">Freispiel ist elementar f\u00fcr die kindliche Entwicklung. im freien Spiel widmet sich das Kind seinen Interessen und lernt f\u00fcr sich, dass was es als wichtig erachtet. Das Kind bildet sich nur durch Spielen, ganz nebenbei lernt es hier die Grundz\u00fcge der Mathematik, Sprache, Kunst und Naturwissenschaften. Es forscht und experimentiert mit der belebten und unbelebten Natur. F\u00e4higkeiten werden getestet und trainiert, im ganz individuellen Tempo des Kindes. Das Freispiel setzt die Kreativit\u00e4t frei und f\u00f6rdert die Fantasy, so ist es nicht verwunderlich, dass eine Studie aus Schweden herausgefunden hat, dass Waldkindergartenkinder kreativer und fantasievoller spielen als Kinder im Regelkindergarten. <a href=\"https:\/\/www.waldkindergarten-tarp.de\/wordpress\/freies-spielen-und-kreativitaet\/\">Weiterlesen<\/a><\/p>\n<p>[\/et_pb_blurb][\/et_pb_column][et_pb_column type=&#8220;1_3&#8243; _builder_version=&#8220;3.25&#8243; custom_padding=&#8220;|||&#8220; global_colors_info=&#8220;{}&#8220; custom_padding__hover=&#8220;|||&#8220;][et_pb_blurb title=&#8220;Soziales Lernen in der Gruppe&#8220; image=&#8220;http:\/\/www.waldkindergarten-tarp.de\/wordpress\/wp-content\/uploads\/2017\/02\/teddy_gruppe.png&#8220; admin_label=&#8220;Class&#8220; _builder_version=&#8220;4.14.7&#8243; header_font=&#8220;Poppins|600|||||||&#8220; header_text_align=&#8220;center&#8220; header_text_color=&#8220;#179f95&#8243; header_font_size=&#8220;18px&#8220; header_line_height=&#8220;1.3em&#8220; body_font=&#8220;Open Sans||||||||&#8220; body_text_align=&#8220;center&#8220; body_text_color=&#8220;#486066&#8243; body_line_height=&#8220;1.8em&#8220; background_color=&#8220;#ffffff&#8220; custom_margin=&#8220;||40px|||&#8220; custom_padding=&#8220;40px|30px|40px|30px&#8220; animation_style=&#8220;fade&#8220; animation_delay=&#8220;100ms&#8220; animation=&#8220;off&#8220; border_radii=&#8220;on|6px|6px|6px|6px&#8220; box_shadow_style=&#8220;preset1&#8243; box_shadow_vertical=&#8220;10px&#8220; box_shadow_blur=&#8220;24px&#8220; box_shadow_spread=&#8220;6px&#8220; box_shadow_color=&#8220;rgba(0,0,0,0.06)&#8220; global_colors_info=&#8220;{}&#8220;]<\/p>\n<p>Im Waldkindergarten hat die Gemeinschaft einen wichtigen Stellenwert. Die J\u00fcngeren lernen von den \u00c4lteren und alle erfahren, dass viele Vorhaben und Aktivit\u00e4ten nur gemeinsam zu bew\u00e4ltigen sind. <a href=\"https:\/\/www.waldkindergarten-tarp.de\/wordpress\/soziales-lernen-in-der-gruppe\">Weiterlesen<\/a><\/p>\n<p>[\/et_pb_blurb][et_pb_blurb title=&#8220;Sprache und Musik in der Gemeinschaft&#8220; url=&#8220;https:\/\/www.waldkindergarten-tarp.de\/wordpress\/mit-allen-sinnen-den-wald-erleben&#8220; image=&#8220;http:\/\/www.waldkindergarten-tarp.de\/wordpress\/wp-content\/uploads\/2017\/02\/musik.png&#8220; admin_label=&#8220;Class&#8220; _builder_version=&#8220;4.14.7&#8243; header_font=&#8220;Poppins|600|||||||&#8220; header_text_align=&#8220;center&#8220; header_text_color=&#8220;#e3166f&#8220; header_font_size=&#8220;18px&#8220; header_line_height=&#8220;1.3em&#8220; body_font=&#8220;Open Sans||||||||&#8220; body_text_align=&#8220;center&#8220; body_text_color=&#8220;#486066&#8243; body_line_height=&#8220;1.8em&#8220; background_color=&#8220;#ffffff&#8220; custom_margin=&#8220;|||&#8220; custom_padding=&#8220;40px|30px|40px|30px&#8220; animation_style=&#8220;fade&#8220; animation=&#8220;off&#8220; link_option_url=&#8220;https:\/\/www.waldkindergarten-tarp.de\/wordpress\/mit-allen-sinnen-den-wald-erleben&#8220; border_radii=&#8220;on|6px|6px|6px|6px&#8220; box_shadow_style=&#8220;preset1&#8243; box_shadow_vertical=&#8220;10px&#8220; box_shadow_blur=&#8220;24px&#8220; box_shadow_spread=&#8220;6px&#8220; box_shadow_color=&#8220;rgba(0,0,0,0.06)&#8220; global_colors_info=&#8220;{}&#8220;]<\/p>\n<p>Sprache ist in unserer Gemeinschaft im Wald allgegenw\u00e4rtig. Sowohl alltagsintegriert als auch gezielt durch F\u00f6rderung, unseren Geschichtenkreis oder Literacyangebote. Sprache erfordert immer interaktionsbereite Gespr\u00e4chspartner, die die Kinder untereinander aber auch speziell bei uns Fachkr\u00e4ften finden. Auch die Musik ist allgegenw\u00e4rtig, hier klopft ein Specht, da quakt der Frosch und der Wind singt unterschiedlich stark seine Lieder, denen wir lauschen. Und ist der Wald mal still, hat Marco immer seine Gitarre parat. <a href=\"https:\/\/www.waldkindergarten-tarp.de\/wordpress\/sprache-und-musik\/\" target=\"_blank\" rel=\"noopener\">Weiterlesen<\/a><\/p>\n<p>[\/et_pb_blurb][et_pb_image src=&#8220;http:\/\/www.waldkindergarten-tarp.de\/wordpress\/wp-content\/uploads\/2017\/02\/wkgt_ev_logo-2.png&#8220; title_text=&#8220;wkgt_ev_logo&#8220; _builder_version=&#8220;4.14.7&#8243; _module_preset=&#8220;default&#8220; custom_margin=&#8220;40px|||||&#8220; custom_padding=&#8220;||0px|||&#8220; box_shadow_style=&#8220;preset1&#8243; global_colors_info=&#8220;{}&#8220;][\/et_pb_image][\/et_pb_column][et_pb_column type=&#8220;1_3&#8243; _builder_version=&#8220;3.25&#8243; custom_padding=&#8220;|||&#8220; global_colors_info=&#8220;{}&#8220; custom_padding__hover=&#8220;|||&#8220;][et_pb_blurb title=&#8220;Spielen und Bewegen in der Natur&#8220; image=&#8220;http:\/\/www.waldkindergarten-tarp.de\/wordpress\/wp-content\/uploads\/2017\/02\/spielen.png&#8220; admin_label=&#8220;Class&#8220; _builder_version=&#8220;4.14.7&#8243; header_font=&#8220;Poppins|600|||||||&#8220; header_text_align=&#8220;center&#8220; header_text_color=&#8220;#0f8ee2&#8243; header_font_size=&#8220;18px&#8220; header_line_height=&#8220;1.3em&#8220; body_font=&#8220;Open Sans||||||||&#8220; body_text_align=&#8220;center&#8220; body_text_color=&#8220;#486066&#8243; body_line_height=&#8220;1.8em&#8220; background_color=&#8220;#ffffff&#8220; custom_margin=&#8220;||40px|||&#8220; custom_padding=&#8220;40px|30px|40px|30px&#8220; animation_style=&#8220;fade&#8220; animation_delay=&#8220;200ms&#8220; animation=&#8220;off&#8220; border_radii=&#8220;on|6px|6px|6px|6px&#8220; box_shadow_style=&#8220;preset1&#8243; box_shadow_vertical=&#8220;10px&#8220; box_shadow_blur=&#8220;24px&#8220; box_shadow_spread=&#8220;6px&#8220; box_shadow_color=&#8220;rgba(0,0,0,0.06)&#8220; global_colors_info=&#8220;{}&#8220;]<\/p>\n<p style=\"text-align: center;\">Die Natur stillt den nat\u00fcrlichen Bewegungs- und Entdeckerdrang von Kindern. W\u00e4hrend vorgefertigte Spielger\u00e4te immer dieselben Bewegungsabl\u00e4ufe erfordern, stimuliert die Bewegung im Wald alle Sinne und Muskelgruppen auf unterschiedlichste Weise. Das Spielen im Wald schafft zudem ein Bewusstsein und einen behutsamen Umgang mit der Ressource \u201cWald\u201d. <a href=\"https:\/\/www.waldkindergarten-tarp.de\/wordpress\/spielen-und-bewegen-in-der-natur\">Weiterlesen<\/a><\/p>\n<p>[\/et_pb_blurb][et_pb_blurb title=&#8220;Vorbereitung auf die Schule&#8220; image=&#8220;http:\/\/www.waldkindergarten-tarp.de\/wordpress\/wp-content\/uploads\/2017\/02\/schule.png&#8220; admin_label=&#8220;Class&#8220; _builder_version=&#8220;4.14.7&#8243; header_level=&#8220;h3&#8243; header_font=&#8220;Poppins|600|||||||&#8220; header_text_align=&#8220;center&#8220; header_text_color=&#8220;#96bf0d&#8220; header_font_size=&#8220;18px&#8220; header_line_height=&#8220;1.3em&#8220; body_font=&#8220;Open Sans||||||||&#8220; body_text_align=&#8220;center&#8220; body_text_color=&#8220;#486066&#8243; body_line_height=&#8220;1.8em&#8220; background_color=&#8220;#ffffff&#8220; custom_margin=&#8220;|||&#8220; custom_padding=&#8220;40px|30px|40px|30px&#8220; animation_style=&#8220;fade&#8220; animation_delay=&#8220;100ms&#8220; animation=&#8220;off&#8220; border_radii=&#8220;on|6px|6px|6px|6px&#8220; box_shadow_style=&#8220;preset1&#8243; box_shadow_vertical=&#8220;10px&#8220; box_shadow_blur=&#8220;24px&#8220; box_shadow_spread=&#8220;6px&#8220; box_shadow_color=&#8220;rgba(0,0,0,0.06)&#8220; global_colors_info=&#8220;{}&#8220;]<\/p>\n<p>Die Vorbereitung auf die Schule ist nicht mit einem bestimmten Alter verbunden. In erster Linie m\u00f6chten wir die Kinder in ihrem Selbstwertgef\u00fchl und Selbstbewusstsein st\u00e4rken, ihre Unabh\u00e4ngigkeit und Selbstst\u00e4ndigkeit f\u00f6rdern, sie aber auch dazu ermutigen ihre Bed\u00fcrfnisse stets zu \u00e4u\u00dfern und f\u00fcr sich und ihre Meinung einzustehen. Zus\u00e4tzlich bieten wir im letzten Kindergartenjahr den w\u00f6chentlichen Vorschulspa\u00df, Schnuppertage in den Schulen, Forschen mit Fred und Wassergew\u00f6hnung in Zusammenarbeit mit dem BICA Tarp an.\u00a0<a href=\"https:\/\/www.waldkindergarten-tarp.de\/wordpress\/vorbereitung-auf-die-schule\/\">Weiterlesen<\/a><\/p>\n<p>[\/et_pb_blurb][\/et_pb_column][\/et_pb_row][\/et_pb_section][et_pb_section fb_built=&#8220;1&#8243; prev_background_color=&#8220;#fafbfc&#8220; admin_label=&#8220;Why Choose Us Section&#8220; _builder_version=&#8220;4.14.7&#8243; use_background_color_gradient=&#8220;on&#8220; background_color_gradient_start=&#8220;#fbab7e&#8220; background_color_gradient_end=&#8220;#f7ce68&#8243; background_color_gradient_direction=&#8220;234deg&#8220; custom_padding=&#8220;1px|0px|79px|0px||&#8220; top_divider_style=&#8220;wave&#8220; global_colors_info=&#8220;{}&#8220;][et_pb_row column_structure=&#8220;3_5,2_5&#8243; _builder_version=&#8220;3.25&#8243; background_size=&#8220;initial&#8220; background_position=&#8220;top_left&#8220; background_repeat=&#8220;repeat&#8220; custom_margin=&#8220;47px|auto||auto||&#8220; custom_padding=&#8220;|||&#8220; locked=&#8220;off&#8220; global_colors_info=&#8220;{}&#8220;][et_pb_column type=&#8220;3_5&#8243; _builder_version=&#8220;3.25&#8243; custom_padding=&#8220;60px|||&#8220; global_colors_info=&#8220;{}&#8220; custom_padding__hover=&#8220;|||&#8220;][et_pb_text _builder_version=&#8220;4.14.7&#8243; text_font=&#8220;||||||||&#8220; header_font=&#8220;||||||||&#8220; header_2_font=&#8220;Poppins|500||on|||||&#8220; header_2_text_color=&#8220;#55ab26&#8243; header_2_font_size=&#8220;23px&#8220; header_2_letter_spacing=&#8220;1px&#8220; header_2_line_height=&#8220;1.3em&#8220; custom_margin=&#8220;||20px|&#8220; saved_tabs=&#8220;all&#8220; locked=&#8220;off&#8220; global_colors_info=&#8220;{}&#8220;]<\/p>\n<h2>Schnuppertag<\/h2>\n<p>[\/et_pb_text][et_pb_text _builder_version=&#8220;4.14.7&#8243; text_font=&#8220;Open Sans||||||||&#8220; text_line_height=&#8220;1.8em&#8220; header_font=&#8220;||||||||&#8220; background_layout=&#8220;dark&#8220; global_colors_info=&#8220;{}&#8220;]<\/p>\n<p>Um Eltern und Kinder einen Einblick in den Waldkindergarten zu erm\u00f6glichen, ist es nach Absprache mit den Erziehern jederzeit m\u00f6glich ein oder mehrere Schnuppertage im Wald zu verbringen.<\/p>\n<p>Auf diese Weise k\u00f6nnen die \u00fcblicherweise ein- bis zweij\u00e4hrigen Kinder in Begleitung ihrer Eltern die ersten Kontakte mit gleichaltrigen, den Erziehern und dem Wald kn\u00fcpfen. Eltern und Kinder bekommen einen Eindruck vom Waldkindergarten.<\/p>\n<p>Der Tagesablauf im Wald wird miterlebt, Fragen werden direkt &#8222;vor Ort&#8220; gekl\u00e4rt.<br \/>Das Treffen ist um 8.30Uhr. Wir w\u00fcrden uns \u00fcber eine telefonische Anmeldung freuen.<strong> Telefonnummer Ulrike: 01520-3022272<\/strong><\/p>\n<p>[\/et_pb_text][\/et_pb_column][et_pb_column type=&#8220;2_5&#8243; _builder_version=&#8220;3.25&#8243; custom_padding=&#8220;|||&#8220; global_colors_info=&#8220;{}&#8220; custom_padding__hover=&#8220;|||&#8220;][et_pb_image src=&#8220;http:\/\/www.waldkindergarten-tarp.de\/wordpress\/wp-content\/uploads\/2017\/05\/IMG_0798.jpg&#8220; title_text=&#8220;IMG_0798&#8243; align_tablet=&#8220;center&#8220; align_phone=&#8220;&#8220; align_last_edited=&#8220;on|desktop&#8220; _builder_version=&#8220;4.14.7&#8243; width=&#8220;84%&#8220; module_alignment=&#8220;center&#8220; custom_margin=&#8220;106px||||false|false&#8220; animation_style=&#8220;fade&#8220; global_colors_info=&#8220;{}&#8220;][\/et_pb_image][\/et_pb_column][\/et_pb_row][\/et_pb_section][et_pb_section fb_built=&#8220;1&#8243; admin_label=&#8220;Our Partners Section&#8220; _builder_version=&#8220;4.14.7&#8243; background_color=&#8220;#fafbfc&#8220; custom_margin=&#8220;0px|||||&#8220; custom_padding=&#8220;0px|0px|74px|0px||&#8220; global_colors_info=&#8220;{}&#8220;][et_pb_row _builder_version=&#8220;3.25&#8243; locked=&#8220;off&#8220; global_colors_info=&#8220;{}&#8220;][et_pb_column type=&#8220;4_4&#8243; _builder_version=&#8220;3.25&#8243; custom_padding=&#8220;|||&#8220; global_colors_info=&#8220;{}&#8220; custom_padding__hover=&#8220;|||&#8220;][et_pb_text _builder_version=&#8220;4.14.7&#8243; text_font=&#8220;||||||||&#8220; header_font=&#8220;||||||||&#8220; header_2_font=&#8220;Poppins|500||on|||||&#8220; header_2_text_color=&#8220;#55ab26&#8243; header_2_font_size=&#8220;18px&#8220; header_2_letter_spacing=&#8220;1px&#8220; header_2_line_height=&#8220;1.3em&#8220; text_orientation=&#8220;center&#8220; custom_margin=&#8220;28px||20px|||&#8220; saved_tabs=&#8220;all&#8220; locked=&#8220;off&#8220; global_colors_info=&#8220;{}&#8220;]<\/p>\n<h2>Beitrittserkl\u00e4rung, Antr\u00e4ge, Konzept<\/h2>\n<p>[\/et_pb_text][et_pb_text _builder_version=&#8220;4.14.7&#8243; text_font=&#8220;||||||||&#8220; header_font=&#8220;||||||||&#8220; header_text_align=&#8220;center&#8220; header_text_color=&#8220;#01632f&#8220; header_3_font=&#8220;Poppins|600|||||||&#8220; header_3_text_color=&#8220;#01632f&#8220; header_3_font_size=&#8220;36px&#8220; header_3_line_height=&#8220;1.4em&#8220; text_orientation=&#8220;center&#8220; custom_margin=&#8220;2px||-10px|||&#8220; global_colors_info=&#8220;{}&#8220;]<\/p>\n<h3>Dokumente<\/h3>\n<p>[\/et_pb_text][\/et_pb_column][\/et_pb_row][et_pb_row column_structure=&#8220;3_4,1_4&#8243; _builder_version=&#8220;3.25&#8243; custom_padding=&#8220;6px|||||&#8220; global_colors_info=&#8220;{}&#8220;][et_pb_column type=&#8220;3_4&#8243; _builder_version=&#8220;3.25&#8243; custom_padding=&#8220;|||&#8220; global_colors_info=&#8220;{}&#8220; custom_padding__hover=&#8220;|||&#8220;][et_pb_text _builder_version=&#8220;4.14.7&#8243; text_font=&#8220;Open Sans||||||||&#8220; text_text_color=&#8220;#486066&#8243; text_line_height=&#8220;1.8em&#8220; header_font=&#8220;||||||||&#8220; background_enable_color=&#8220;off&#8220; custom_padding=&#8220;10px||10px|22px|false|false&#8220; global_colors_info=&#8220;{}&#8220;]<\/p>\n<p>Wenn Ihnen unser Angebot im Waldkindergarten gef\u00e4llt, k\u00f6nnen Sie hier die Beitrittserkl\u00e4rung und weitere Dokumente herunterladen.<\/p>\n<p>[\/et_pb_text][\/et_pb_column][et_pb_column type=&#8220;1_4&#8243; _builder_version=&#8220;3.25&#8243; custom_padding=&#8220;|||&#8220; global_colors_info=&#8220;{}&#8220; custom_padding__hover=&#8220;|||&#8220;][et_pb_button button_url=&#8220;https:\/\/www.waldkindergarten-tarp.de\/wordpress\/dokumente\/&#8220; url_new_window=&#8220;on&#8220; button_text=&#8220;Dokumente&#8220; button_alignment=&#8220;center&#8220; _builder_version=&#8220;4.14.7&#8243; custom_button=&#8220;on&#8220; button_text_size=&#8220;16px&#8220; button_text_color=&#8220;#f29400&#8243; button_border_width=&#8220;2px&#8220; button_border_color=&#8220;#f29400&#8243; button_border_radius=&#8220;100px&#8220; button_font=&#8220;Poppins|600||on|||||&#8220; button_use_icon=&#8220;off&#8220; background_layout=&#8220;dark&#8220; custom_margin=&#8220;|||&#8220; custom_padding=&#8220;12px|36px|12px|36px&#8220; button_letter_spacing_hover=&#8220;0&#8243; global_colors_info=&#8220;{}&#8220; button_text_size__hover_enabled=&#8220;off&#8220; button_one_text_size__hover_enabled=&#8220;off&#8220; button_two_text_size__hover_enabled=&#8220;off&#8220; button_text_color__hover_enabled=&#8220;off&#8220; button_one_text_color__hover_enabled=&#8220;off&#8220; button_two_text_color__hover_enabled=&#8220;off&#8220; button_border_width__hover_enabled=&#8220;off&#8220; button_one_border_width__hover_enabled=&#8220;off&#8220; button_two_border_width__hover_enabled=&#8220;off&#8220; button_border_color__hover_enabled=&#8220;off&#8220; button_one_border_color__hover_enabled=&#8220;off&#8220; button_two_border_color__hover_enabled=&#8220;off&#8220; button_border_radius__hover_enabled=&#8220;off&#8220; button_one_border_radius__hover_enabled=&#8220;off&#8220; button_two_border_radius__hover_enabled=&#8220;off&#8220; button_letter_spacing__hover_enabled=&#8220;on&#8220; button_letter_spacing__hover=&#8220;0&#8243; button_one_letter_spacing__hover_enabled=&#8220;off&#8220; button_two_letter_spacing__hover_enabled=&#8220;off&#8220; button_bg_color__hover_enabled=&#8220;off&#8220; button_one_bg_color__hover_enabled=&#8220;off&#8220; button_two_bg_color__hover_enabled=&#8220;off&#8220;][\/et_pb_button][\/et_pb_column][\/et_pb_row][\/et_pb_section][et_pb_section fb_built=&#8220;1&#8243; prev_background_color=&#8220;#fafbfc&#8220; admin_label=&#8220;Instructors Section&#8220; _builder_version=&#8220;4.14.7&#8243; background_color=&#8220;rgba(85,171,38,0.23)&#8220; custom_padding=&#8220;110px|0px|95px|0px||&#8220; top_divider_style=&#8220;wave&#8220; global_colors_info=&#8220;{}&#8220;][et_pb_row _builder_version=&#8220;3.25&#8243; global_colors_info=&#8220;{}&#8220;][et_pb_column type=&#8220;4_4&#8243; _builder_version=&#8220;3.25&#8243; custom_padding=&#8220;|||&#8220; global_colors_info=&#8220;{}&#8220; custom_padding__hover=&#8220;|||&#8220;][et_pb_text _builder_version=&#8220;4.14.7&#8243; text_font=&#8220;||||||||&#8220; header_font=&#8220;||||||||&#8220; header_2_font=&#8220;Poppins|500||on|||||&#8220; header_2_text_color=&#8220;#55ab26&#8243; header_2_font_size=&#8220;18px&#8220; header_2_letter_spacing=&#8220;1px&#8220; header_2_line_height=&#8220;1.3em&#8220; text_orientation=&#8220;center&#8220; custom_margin=&#8220;||20px|&#8220; saved_tabs=&#8220;all&#8220; locked=&#8220;off&#8220; global_colors_info=&#8220;{}&#8220;]<\/p>\n<h2>Ein kleine Kurzvorstellung von unseren Mitarbeitern<\/h2>\n<p>[\/et_pb_text][et_pb_text _builder_version=&#8220;4.14.7&#8243; text_font=&#8220;||||||||&#8220; header_font=&#8220;||||||||&#8220; header_text_align=&#8220;center&#8220; header_3_font=&#8220;Poppins|600|||||||&#8220; header_3_text_color=&#8220;#01632f&#8220; header_3_font_size=&#8220;36px&#8220; header_3_line_height=&#8220;1.4em&#8220; text_orientation=&#8220;center&#8220; global_colors_info=&#8220;{}&#8220;]<\/p>\n<h3>Unser Team<\/h3>\n<p>[\/et_pb_text][\/et_pb_column][\/et_pb_row][et_pb_row column_structure=&#8220;1_3,1_3,1_3&#8243; use_custom_gutter=&#8220;on&#8220; gutter_width=&#8220;2&#8243; _builder_version=&#8220;3.25&#8243; global_colors_info=&#8220;{}&#8220;][et_pb_column type=&#8220;1_3&#8243; _builder_version=&#8220;3.25&#8243; custom_padding=&#8220;|||&#8220; global_colors_info=&#8220;{}&#8220; custom_padding__hover=&#8220;|||&#8220;][et_pb_team_member name=&#8220;Nadine Sandeck&#8220; position=&#8220;P\u00e4dagogische Leitung&#8220; image_url=&#8220;http:\/\/www.waldkindergarten-tarp.de\/wordpress\/wp-content\/uploads\/2022\/03\/Nadine_Sandeck_neu.jpg&#8220; icon_color=&#8220;#44d89e&#8220; _builder_version=&#8220;4.14.7&#8243; header_font=&#8220;Poppins|500|||||||&#8220; header_text_color=&#8220;#e3166f&#8220; header_font_size=&#8220;18px&#8220; body_font=&#8220;Open Sans||||||||&#8220; body_line_height=&#8220;1.8em&#8220; background_color=&#8220;#ffffff&#8220; text_orientation=&#8220;center&#8220; custom_margin=&#8220;|||&#8220; custom_padding=&#8220;30px|30px|30px|30px&#8220; animation_style=&#8220;fade&#8220; border_radii=&#8220;on|6px|6px|6px|6px&#8220; box_shadow_style=&#8220;preset1&#8243; box_shadow_vertical=&#8220;10px&#8220; box_shadow_blur=&#8220;24px&#8220; box_shadow_spread=&#8220;6px&#8220; box_shadow_color=&#8220;rgba(0,0,0,0.06)&#8220; icon_hover_color=&#8220;#353740&#8243; global_colors_info=&#8220;{}&#8220; icon_color__hover=&#8220;#353740&#8243; icon_color__hover_enabled=&#8220;on&#8220;]<\/p>\n<p style=\"text-align: center;\">Ich bin staatlich anerkannte Kindheitsp\u00e4dagogin B.A. und selbst Mutter eines ehemaligen Waldkindes. Der Wald bietet allen Kindern unendlich viele M\u00f6glichkeiten, die wir jeden Tag in unsere Arbeit einflie\u00dfen lassen k\u00f6nnen. Meine Herzensthemen sind die Bindungstheorie, Literacy, Sprachf\u00f6rderung sowie die Vorschularbeit.<\/p>\n<p>[\/et_pb_team_member][\/et_pb_column][et_pb_column type=&#8220;1_3&#8243; _builder_version=&#8220;3.25&#8243; custom_padding=&#8220;|||&#8220; global_colors_info=&#8220;{}&#8220; custom_padding__hover=&#8220;|||&#8220;][\/et_pb_column][et_pb_column type=&#8220;1_3&#8243; _builder_version=&#8220;3.25&#8243; custom_padding=&#8220;|||&#8220; global_colors_info=&#8220;{}&#8220; custom_padding__hover=&#8220;|||&#8220;][et_pb_team_member name=&#8220;Ulrike Staack&#8220; position=&#8220;Erzieherin&#8220; image_url=&#8220;http:\/\/www.waldkindergarten-tarp.de\/wordpress\/wp-content\/uploads\/2020\/08\/Ulrike-Starke_neu.jpg&#8220; icon_color=&#8220;#44d89e&#8220; _builder_version=&#8220;4.14.7&#8243; header_font=&#8220;Poppins|500|||||||&#8220; header_text_color=&#8220;#f29400&#8243; header_font_size=&#8220;18px&#8220; body_font=&#8220;Open Sans||||||||&#8220; body_line_height=&#8220;1.8em&#8220; background_color=&#8220;#ffffff&#8220; text_orientation=&#8220;center&#8220; custom_margin=&#8220;|||&#8220; custom_padding=&#8220;30px|30px|30px|30px&#8220; animation_style=&#8220;fade&#8220; animation_delay=&#8220;200ms&#8220; border_radii=&#8220;on|6px|6px|6px|6px&#8220; box_shadow_style=&#8220;preset1&#8243; box_shadow_vertical=&#8220;10px&#8220; box_shadow_blur=&#8220;24px&#8220; box_shadow_spread=&#8220;6px&#8220; box_shadow_color=&#8220;rgba(0,0,0,0.06)&#8220; icon_hover_color=&#8220;#353740&#8243; locked=&#8220;off&#8220; global_colors_info=&#8220;{}&#8220; icon_color__hover=&#8220;#353740&#8243; icon_color__hover_enabled=&#8220;on&#8220;]<\/p>\n<p style=\"text-align: center;\">Ich bin 1972 geboren und war in der Gastronomie und Lagerlogistik<br \/>t\u00e4tig. 2016 absolvierte ich die Ausbildung zur Erzieherin. F\u00fcr mich ist es eine gro\u00dfe Freude, die Kinder in ihrer Pers\u00f6nlichkeit, Kreativit\u00e4t und Selbstst\u00e4ndigkeit zu unterst\u00fctzen und mit Ihnen die M\u00f6glichkeiten der Natur zu erforschen.<\/p>\n<p>[\/et_pb_team_member][\/et_pb_column][\/et_pb_row][\/et_pb_section][et_pb_section fb_built=&#8220;1&#8243; admin_label=&#8220;Blog Section&#8220; _builder_version=&#8220;3.22&#8243; background_color=&#8220;#fafbfc&#8220; custom_padding=&#8220;6px|0px|110px|0px||&#8220; global_colors_info=&#8220;{}&#8220;][et_pb_row _builder_version=&#8220;3.25&#8243; locked=&#8220;off&#8220; global_colors_info=&#8220;{}&#8220;][et_pb_column type=&#8220;4_4&#8243; _builder_version=&#8220;3.25&#8243; custom_padding=&#8220;|||&#8220; global_colors_info=&#8220;{}&#8220; custom_padding__hover=&#8220;|||&#8220;][et_pb_text _builder_version=&#8220;4.14.7&#8243; text_font=&#8220;||||||||&#8220; header_font=&#8220;||||||||&#8220; header_2_font=&#8220;Poppins|500||on|||||&#8220; header_2_text_color=&#8220;#55ab26&#8243; header_2_font_size=&#8220;18px&#8220; header_2_letter_spacing=&#8220;1px&#8220; header_2_line_height=&#8220;1.3em&#8220; text_orientation=&#8220;center&#8220; custom_margin=&#8220;||20px|&#8220; saved_tabs=&#8220;all&#8220; locked=&#8220;off&#8220; global_colors_info=&#8220;{}&#8220;]<\/p>\n<h2>Eindr\u00fccke und Informationen<\/h2>\n<p>[\/et_pb_text][et_pb_text _builder_version=&#8220;4.14.7&#8243; text_font=&#8220;||||||||&#8220; header_font=&#8220;||||||||&#8220; header_text_align=&#8220;center&#8220; header_3_font=&#8220;Poppins|600|||||||&#8220; header_3_text_color=&#8220;#01632f&#8220; header_3_font_size=&#8220;36px&#8220; header_3_line_height=&#8220;1.4em&#8220; text_orientation=&#8220;center&#8220; global_colors_info=&#8220;{}&#8220;]<\/p>\n<h3>Aktuelles<\/h3>\n<p>[\/et_pb_text][\/et_pb_column][\/et_pb_row][et_pb_row use_custom_gutter=&#8220;on&#8220; gutter_width=&#8220;2&#8243; _builder_version=&#8220;3.25&#8243; global_colors_info=&#8220;{}&#8220;][et_pb_column type=&#8220;4_4&#8243; _builder_version=&#8220;3.25&#8243; custom_padding=&#8220;|||&#8220; global_colors_info=&#8220;{}&#8220; custom_padding__hover=&#8220;|||&#8220;][et_pb_blog fullwidth=&#8220;off&#8220; include_categories=&#8220;19&#8243; excerpt_length=&#8220;100&#8243; show_author=&#8220;off&#8220; show_categories=&#8220;off&#8220; masonry_tile_background_color=&#8220;#FFFFFF&#8220; _builder_version=&#8220;4.14.7&#8243; _module_preset=&#8220;default&#8220; header_font=&#8220;|600|||||||&#8220; header_text_color=&#8220;#486066&#8243; border_radii=&#8220;on|6px|6px|6px|6px&#8220; box_shadow_style=&#8220;preset1&#8243; box_shadow_vertical=&#8220;10px&#8220; box_shadow_blur=&#8220;24px&#8220; box_shadow_spread=&#8220;6px&#8220; box_shadow_color=&#8220;rgba(0,0,0,0.06)&#8220; global_colors_info=&#8220;{}&#8220;][\/et_pb_blog][\/et_pb_column][\/et_pb_row][\/et_pb_section][et_pb_section fb_built=&#8220;1&#8243; admin_label=&#8220;Join Now Call to Action&#8220; _builder_version=&#8220;4.14.7&#8243; background_color=&#8220;rgba(85,171,38,0.23)&#8220; background_color_gradient_start=&#8220;#25efcb&#8220; background_color_gradient_end=&#8220;#1bb3eb&#8220; background_color_gradient_direction=&#8220;221deg&#8220; width=&#8220;100%&#8220; max_width=&#8220;100%&#8220; custom_margin=&#8220;|||&#8220; custom_padding=&#8220;65px|0px|65px|0px|false|false&#8220; top_divider_style=&#8220;wave&#8220; top_divider_color=&#8220;#FFFFFF&#8220; global_colors_info=&#8220;{}&#8220;][et_pb_row _builder_version=&#8220;4.14.7&#8243; _module_preset=&#8220;default&#8220; global_colors_info=&#8220;{}&#8220;][et_pb_column type=&#8220;4_4&#8243; _builder_version=&#8220;4.14.7&#8243; _module_preset=&#8220;default&#8220; global_colors_info=&#8220;{}&#8220;][et_pb_text _builder_version=&#8220;4.14.7&#8243; text_font=&#8220;Poppins||||||||&#8220; text_text_color=&#8220;rgba(255,255,255,0.8)&#8220; text_font_size=&#8220;18px&#8220; text_line_height=&#8220;1.8em&#8220; header_font=&#8220;||||||||&#8220; header_text_color=&#8220;#ffffff&#8220; header_font_size=&#8220;24px&#8220; header_3_font=&#8220;Poppins|600|||||||&#8220; header_3_text_color=&#8220;#01632f&#8220; header_3_font_size=&#8220;36px&#8220; header_3_line_height=&#8220;1.4em&#8220; background_layout=&#8220;dark&#8220; custom_margin=&#8220;|||&#8220; global_colors_info=&#8220;{}&#8220;]<\/p>\n<h3>Wir freuen uns \u00fcber Ihre Nachricht<\/h3>\n<p>[\/et_pb_text][\/et_pb_column][\/et_pb_row][et_pb_row column_structure=&#8220;1_4,1_4,1_4,1_4&#8243; _builder_version=&#8220;4.14.7&#8243; width=&#8220;100%&#8220; custom_margin=&#8220;55px||||false|false&#8220; custom_padding=&#8220;0px||||false|false&#8220; global_colors_info=&#8220;{}&#8220;][et_pb_column type=&#8220;1_4&#8243; _builder_version=&#8220;4.14.7&#8243; _module_preset=&#8220;default&#8220; global_colors_info=&#8220;{}&#8220;][et_pb_blurb title=&#8220; Standort&#8220; use_icon=&#8220;on&#8220; font_icon=&#8220;&#xe009;||divi||400&#8243; icon_color=&#8220;#01632f&#8220; image_icon_width=&#8220;50px&#8220; admin_label=&#8220;Class&#8220; _builder_version=&#8220;4.14.7&#8243; header_level=&#8220;h3&#8243; header_font=&#8220;Poppins|600|||||||&#8220; header_text_align=&#8220;center&#8220; header_text_color=&#8220;#01632f&#8220; header_font_size=&#8220;18px&#8220; header_line_height=&#8220;1.3em&#8220; body_font=&#8220;Open Sans||||||||&#8220; body_text_align=&#8220;center&#8220; body_text_color=&#8220;#486066&#8243; body_line_height=&#8220;1.8em&#8220; background_color=&#8220;#FFFFFF&#8220; custom_margin=&#8220;0px||||false|false&#8220; custom_padding=&#8220;25px|30px|25px|30px|false|false&#8220; animation_style=&#8220;fade&#8220; animation_delay=&#8220;100ms&#8220; animation=&#8220;off&#8220; border_radii=&#8220;on|6px|6px|6px|6px&#8220; box_shadow_style=&#8220;preset1&#8243; box_shadow_vertical=&#8220;10px&#8220; box_shadow_blur=&#8220;24px&#8220; box_shadow_spread=&#8220;6px&#8220; box_shadow_color=&#8220;rgba(0,0,0,0.06)&#8220; global_colors_info=&#8220;{}&#8220;]<\/p>\n<p style=\"text-align: center;\">Waldkindergarten Tarp e.V.<br \/>Harkielweg 4<br \/>24963 Tarp<\/p>\n<p>[\/et_pb_blurb][\/et_pb_column][et_pb_column type=&#8220;1_4&#8243; _builder_version=&#8220;3.25&#8243; custom_padding=&#8220;|||&#8220; global_colors_info=&#8220;{}&#8220; custom_padding__hover=&#8220;|||&#8220;][et_pb_blurb title=&#8220;Postanschrift&#8220; use_icon=&#8220;on&#8220; font_icon=&#8220;&#xe009;||divi||400&#8243; icon_color=&#8220;#96bf0d&#8220; image_icon_width=&#8220;50px&#8220; admin_label=&#8220;Class&#8220; _builder_version=&#8220;4.14.7&#8243; header_level=&#8220;h3&#8243; header_font=&#8220;Poppins|600|||||||&#8220; header_text_align=&#8220;center&#8220; header_text_color=&#8220;#96bf0d&#8220; header_font_size=&#8220;18px&#8220; header_line_height=&#8220;1.3em&#8220; body_font=&#8220;Open Sans||||||||&#8220; body_text_align=&#8220;center&#8220; body_text_color=&#8220;#486066&#8243; body_line_height=&#8220;1.8em&#8220; background_color=&#8220;#FFFFFF&#8220; custom_margin=&#8220;0px||||false|false&#8220; custom_padding=&#8220;25px|30px|25px|30px|false|false&#8220; animation_style=&#8220;fade&#8220; animation_delay=&#8220;100ms&#8220; animation=&#8220;off&#8220; border_radii=&#8220;on|6px|6px|6px|6px&#8220; box_shadow_style=&#8220;preset1&#8243; box_shadow_vertical=&#8220;10px&#8220; box_shadow_blur=&#8220;24px&#8220; box_shadow_spread=&#8220;6px&#8220; box_shadow_color=&#8220;rgba(0,0,0,0.06)&#8220; global_colors_info=&#8220;{}&#8220;]<\/p>\n<p>Waldkindergarten Tarp e.V.<br \/>Nadine Sandeck<br \/>Dweracker 9<br \/>24885 Sieverstedt<\/p>\n<p>[\/et_pb_blurb][\/et_pb_column][et_pb_column type=&#8220;1_4&#8243; _builder_version=&#8220;3.25&#8243; custom_padding=&#8220;|||&#8220; global_colors_info=&#8220;{}&#8220; custom_padding__hover=&#8220;|||&#8220;][et_pb_blurb title=&#8220;Telefon&#8220; use_icon=&#8220;on&#8220; font_icon=&#8220;&#xf87b;||fa||900&#8243; icon_color=&#8220;#e3166f&#8220; image_icon_width=&#8220;50px&#8220; admin_label=&#8220;Class&#8220; _builder_version=&#8220;4.14.7&#8243; header_level=&#8220;h3&#8243; header_font=&#8220;Poppins|600|||||||&#8220; header_text_align=&#8220;center&#8220; header_text_color=&#8220;#e3166f&#8220; header_font_size=&#8220;18px&#8220; header_line_height=&#8220;1.3em&#8220; body_font=&#8220;Open Sans||||||||&#8220; body_text_align=&#8220;center&#8220; body_text_color=&#8220;#486066&#8243; body_line_height=&#8220;1.8em&#8220; background_color=&#8220;#ffffff&#8220; custom_margin=&#8220;0px||||false|false&#8220; custom_padding=&#8220;25px|30px|25px|30px|false|false&#8220; animation_style=&#8220;fade&#8220; animation_delay=&#8220;100ms&#8220; animation=&#8220;off&#8220; border_radii=&#8220;on|6px|6px|6px|6px&#8220; box_shadow_style=&#8220;preset1&#8243; box_shadow_vertical=&#8220;10px&#8220; box_shadow_blur=&#8220;24px&#8220; box_shadow_spread=&#8220;6px&#8220; box_shadow_color=&#8220;rgba(0,0,0,0.06)&#8220; global_colors_info=&#8220;{}&#8220;]<\/p>\n<p>Vorstand und<br \/>P\u00e4d. Leitung:<br \/>0155 \u2013 66894460<\/p>\n<p>[\/et_pb_blurb][\/et_pb_column][et_pb_column type=&#8220;1_4&#8243; _builder_version=&#8220;3.25&#8243; custom_padding=&#8220;|||&#8220; global_colors_info=&#8220;{}&#8220; custom_padding__hover=&#8220;|||&#8220;][et_pb_blurb title=&#8220;Email&#8220; use_icon=&#8220;on&#8220; font_icon=&#8220;&#xe010;||divi||400&#8243; icon_color=&#8220;#f29400&#8243; image_icon_width=&#8220;50px&#8220; admin_label=&#8220;Class&#8220; _builder_version=&#8220;4.14.7&#8243; header_level=&#8220;h3&#8243; header_font=&#8220;Poppins|600|||||||&#8220; header_text_align=&#8220;center&#8220; header_text_color=&#8220;#f29400&#8243; header_font_size=&#8220;18px&#8220; header_line_height=&#8220;1.3em&#8220; body_font=&#8220;Open Sans||||||||&#8220; body_text_align=&#8220;center&#8220; body_text_color=&#8220;#486066&#8243; body_line_height=&#8220;1.8em&#8220; background_color=&#8220;#ffffff&#8220; custom_margin=&#8220;0px||||false|false&#8220; custom_padding=&#8220;25px|30px|25px|30px|false|false&#8220; animation_style=&#8220;fade&#8220; animation_delay=&#8220;100ms&#8220; animation=&#8220;off&#8220; border_radii=&#8220;on|6px|6px|6px|6px&#8220; box_shadow_style=&#8220;preset1&#8243; box_shadow_vertical=&#8220;10px&#8220; box_shadow_blur=&#8220;24px&#8220; box_shadow_spread=&#8220;6px&#8220; box_shadow_color=&#8220;rgba(0,0,0,0.06)&#8220; global_colors_info=&#8220;{}&#8220;]<\/p>\n<p>vorstand(at)<br \/>waldkindergarten-tarp.de<\/p>\n<p>[\/et_pb_blurb][\/et_pb_column][\/et_pb_row][\/et_pb_section]<\/p>\n","protected":false},"excerpt":{"rendered":"<p>Waldkindergarten Tarp e.V.\u00dcber unsWaldkindergarten Tarp e.V.Der Waldkindergarten wird auch als &#8222;Kindergarten ohne Dach und W\u00e4nde&#8220; bezeichnet. Die Kinder spielen, lernen, basteln, toben, singen, forschen, diskutieren und reflektieren bei jedem Wetter in der freien Natur, im Wald und auf den Wiesen. Einschr\u00e4nkungen gibt es nur bei Witterungsbedingungen, die einen sicheren Aufenthalt im Freien gef\u00e4hrlich machen. Dann [&hellip;]<\/p>\n","protected":false},"author":4,"featured_media":0,"parent":0,"menu_order":0,"comment_status":"closed","ping_status":"closed","template":"","meta":{"_et_pb_use_builder":"on","_et_pb_old_content":"","_et_gb_content_width":"","pgc_sgb_lightbox_settings":"","jetpack_post_was_ever_published":false},"jetpack_sharing_enabled":true,"jetpack_shortlink":"https:\/\/wp.me\/P8J3oV-4mE","_links":{"self":[{"href":"https:\/\/www.waldkindergarten-tarp.de\/wordpress\/wp-json\/wp\/v2\/pages\/16780"}],"collection":[{"href":"https:\/\/www.waldkindergarten-tarp.de\/wordpress\/wp-json\/wp\/v2\/pages"}],"about":[{"href":"https:\/\/www.waldkindergarten-tarp.de\/wordpress\/wp-json\/wp\/v2\/types\/page"}],"author":[{"embeddable":true,"href":"https:\/\/www.waldkindergarten-tarp.de\/wordpress\/wp-json\/wp\/v2\/users\/4"}],"replies":[{"embeddable":true,"href":"https:\/\/www.waldkindergarten-tarp.de\/wordpress\/wp-json\/wp\/v2\/comments?post=16780"}],"version-history":[{"count":131,"href":"https:\/\/www.waldkindergarten-tarp.de\/wordpress\/wp-json\/wp\/v2\/pages\/16780\/revisions"}],"predecessor-version":[{"id":17651,"href":"https:\/\/www.waldkindergarten-tarp.de\/wordpress\/wp-json\/wp\/v2\/pages\/16780\/revisions\/17651"}],"wp:attachment":[{"href":"https:\/\/www.waldkindergarten-tarp.de\/wordpress\/wp-json\/wp\/v2\/media?parent=16780"}],"curies":[{"name":"wp","href":"https:\/\/api.w.org\/{rel}","templated":true}]}}